{"id":5248,"date":"2025-03-04T12:55:07","date_gmt":"2025-03-04T17:55:07","guid":{"rendered":"https:\/\/latece.uqam.ca\/?page_id=5248"},"modified":"2025-06-06T08:45:32","modified_gmt":"2025-06-06T12:45:32","slug":"strategic-council","status":"publish","type":"page","link":"https:\/\/latece.uqam.ca\/en\/strategic-council\/","title":{"rendered":"Strategic Council"},"content":{"rendered":"\n<p class=\"wp-block-paragraph\">LATECE is advised by its strategic council composed of a team of representatives involved in its work and invested in LATECE\u2019s mission.<\/p>\n\n\n\n<p class=\"wp-block-paragraph\">The council advises the lab\u2019s strategic and scientific leadership in terms of research themes, external partnerships, and funding strategy. Council members also promote the lab within their networks and the forums and communities in which they participate. The council is presided over by a representative of one of UQAM\u2019s vice-provosts (Vice-rectorat \u00e0 la recherche, \u00e0 la cr\u00e9ation et \u00e0 la diffusion), who acts as a facilitator. The council otherwise includes representatives from the community of users of technologies developed by LATECE, namely <strong>private businesses<\/strong>, <strong>public organizations<\/strong>, and research representatives, including key <strong>research groups<\/strong>, as well as representatives from <strong>research funding<\/strong> bodies.<\/p>\n\n\n\n<h2 class=\"wp-block-heading\" id=\"president\">President<\/h2>\n\n\n\n<div class=\"wp-block-media-text alignwide is-stacked-on-mobile\" style=\"grid-template-columns:27% auto\"><figure class=\"wp-block-media-text__media\"><img loading=\"lazy\" decoding=\"async\" width=\"719\" height=\"719\" src=\"https:\/\/latece.uqam.ca\/wp-content\/uploads\/2025\/01\/photo-gabriel-goyette.jpeg\" alt=\"\" class=\"wp-image-8641 size-full\" srcset=\"https:\/\/latece.uqam.ca\/wp-content\/uploads\/2025\/01\/photo-gabriel-goyette.jpeg 719w, https:\/\/latece.uqam.ca\/wp-content\/uploads\/2025\/01\/photo-gabriel-goyette-300x300.jpeg 300w, https:\/\/latece.uqam.ca\/wp-content\/uploads\/2025\/01\/photo-gabriel-goyette-150x150.jpeg 150w\" sizes=\"auto, (max-width: 719px) 100vw, 719px\" \/><\/figure><div class=\"wp-block-media-text__content\">\n<p class=\"wp-block-paragraph\"><strong>Gabriel Goyette-C\u00f4t\u00e9<\/strong>, Director, Service des Partenariats et du Soutien \u00e0 l&#8217;Innovation (SePSI), Vice-Rectorat \u00e0 la Recherche, \u00e0 la Cr\u00e9ation, et \u00e0 la Diffusion, <strong>Universit\u00e9 du Qu\u00e9bec \u00e0 Montr\u00e9al<\/strong><\/p>\n\n\n\n<p class=\"wp-block-paragraph\">At UQAM since 2016, Gabriel has held various positions at SePSI related to partnership development, mainly internationally, rising to the position of director in 2023. Before joining UQAM, he held various research coordination and partnership development positions at the Universit\u00e9 de Montr\u00e9al, in various research centres focused on international relations. He holds a B.A. and an M.A. in Political Science from UQAM (with honours), and has completed doctoral studies in Political Science at the Universit\u00e9 de Montr\u00e9al.<\/p>\n<\/div><\/div>\n\n\n\n<h2 class=\"wp-block-heading\" id=\"representants-du-milieu\">Industry Representatives<\/h2>\n\n\n\n<div class=\"wp-block-media-text alignwide is-stacked-on-mobile\" style=\"grid-template-columns:27% auto\"><figure class=\"wp-block-media-text__media\"><img loading=\"lazy\" decoding=\"async\" width=\"1024\" height=\"961\" src=\"https:\/\/latece.uqam.ca\/wp-content\/uploads\/2025\/05\/Serge-Helou-bio-1-1024x961.png\" alt=\"\" class=\"wp-image-9067 size-full\" srcset=\"https:\/\/latece.uqam.ca\/wp-content\/uploads\/2025\/05\/Serge-Helou-bio-1-1024x961.png 1024w, https:\/\/latece.uqam.ca\/wp-content\/uploads\/2025\/05\/Serge-Helou-bio-1-300x282.png 300w, https:\/\/latece.uqam.ca\/wp-content\/uploads\/2025\/05\/Serge-Helou-bio-1-768x721.png 768w, https:\/\/latece.uqam.ca\/wp-content\/uploads\/2025\/05\/Serge-Helou-bio-1.png 1271w\" sizes=\"auto, (max-width: 1024px) 100vw, 1024px\" \/><\/figure><div class=\"wp-block-media-text__content\">\n<p class=\"wp-block-paragraph\"><strong>Serge Helou, M. Eng, EMBA<\/strong>, Director, Global Product and Technology Strategy, <strong>CAE Inc<\/strong>. the world leader in simulation technologies, modelling, training services and critical operations management for airlines, aircraft manufacturers and defence customers. Serge joined CAE in December 2024, where he leads the strategic planning process, oversees the technology and product development roadmap, manages the R&amp;D project portfolio and governs the organization&#8217;s performance. Prior to joining CAE, Serge held several key roles at Air Canada (2006-2008), Bombardier (2008 &#8211; 2019) and Pratt &amp; Whitney (2019 &#8211; 2024) in engineering, product development, operations management, supply chain, strategy and business transformation. He also served as a board member of Le Refuge des Jeunes de Montr\u00e9al (2017 &#8211; 2022), and currently chairs the board of the John Molson MBA International Case Competition, of which he has been a member since 2018. Serge holds a bachelor&#8217;s degree in aerospace engineering (2008) and a master&#8217;s degree in technology project management from \u00c9cole Polytechnique de Montr\u00e9al (2012). He also holds a post-graduate certificate in product and service innovation from MIT (2017) and an executive MBA from the John Molson School of Business (2022).<\/p>\n<\/div><\/div>\n\n\n\n<div class=\"wp-block-media-text alignwide is-stacked-on-mobile\" style=\"grid-template-columns:27% auto\"><figure class=\"wp-block-media-text__media\"><img loading=\"lazy\" decoding=\"async\" width=\"200\" height=\"200\" src=\"https:\/\/latece.uqam.ca\/wp-content\/uploads\/2020\/12\/shibl-mourad.jpg\" alt=\"\" class=\"wp-image-5693 size-full\" srcset=\"https:\/\/latece.uqam.ca\/wp-content\/uploads\/2020\/12\/shibl-mourad.jpg 200w, https:\/\/latece.uqam.ca\/wp-content\/uploads\/2020\/12\/shibl-mourad-150x150.jpg 150w\" sizes=\"auto, (max-width: 200px) 100vw, 200px\" \/><\/figure><div class=\"wp-block-media-text__content\">\n<p class=\"wp-block-paragraph\"><strong>Shibl Mourad, M. Sc. <\/strong>Canada Site Lead and Research Engineering Director, <strong>DeepMind, Montreal<\/strong>. As Director of Research Programs at DeepMind, Shibl is passionate about applying best engineering practices to the best machine learning ideas to advance our knowledge of AI, and develop innovative and socially useful products. Prior to joining DeepMind, Shibl was the Director of Google Montreal, overseeing its growth and diversification. Prior to joining Google, Shibl founded or managed numerous technology start-ups in the web, wireless and mobile fields. He holds a B.Sc. in Computer Science and an M.Sc. in AI from Queen Mary College, London.<\/p>\n<\/div><\/div>\n\n\n\n<div style=\"height:18px\" aria-hidden=\"true\" class=\"wp-block-spacer\"><\/div>\n\n\n\n<div class=\"wp-block-media-text alignwide is-stacked-on-mobile\" style=\"grid-template-columns:27% auto\"><figure class=\"wp-block-media-text__media\"><img loading=\"lazy\" decoding=\"async\" width=\"1022\" height=\"1024\" src=\"https:\/\/latece.uqam.ca\/wp-content\/uploads\/2025\/05\/jean-pommier-recent-1022x1024.jpg\" alt=\"\" class=\"wp-image-9071 size-full\" srcset=\"https:\/\/latece.uqam.ca\/wp-content\/uploads\/2025\/05\/jean-pommier-recent-1022x1024.jpg 1022w, https:\/\/latece.uqam.ca\/wp-content\/uploads\/2025\/05\/jean-pommier-recent-300x300.jpg 300w, https:\/\/latece.uqam.ca\/wp-content\/uploads\/2025\/05\/jean-pommier-recent-150x150.jpg 150w, https:\/\/latece.uqam.ca\/wp-content\/uploads\/2025\/05\/jean-pommier-recent-768x770.jpg 768w, https:\/\/latece.uqam.ca\/wp-content\/uploads\/2025\/05\/jean-pommier-recent-1533x1536.jpg 1533w, https:\/\/latece.uqam.ca\/wp-content\/uploads\/2025\/05\/jean-pommier-recent.jpg 1921w\" sizes=\"auto, (max-width: 1022px) 100vw, 1022px\" \/><\/figure><div class=\"wp-block-media-text__content\">\n<p class=\"wp-block-paragraph\"><strong>Jean Pommier<\/strong>, <strong>M. Sc.,<\/strong> PayPal-IBM Partnership CTO, <strong>IBM<\/strong>, San Jose, CA.<\/p>\n\n\n\n<p class=\"wp-block-paragraph\">Jean has almost 40 years&#8217; experience in the software industry, having held a variety of technology leadership positions, first at the European Organization for Nuclear Research (CERN, 1988 &#8211; 1989), then at ILOG, a provider of optimization and business rules software, first in Paris (1987 &#8211; 1998), then in Silicon Valley (since 1999) where he was VP WW Professional Services until ILOG&#8217;s acquisition by IBM in 2009. At IBM, he first spent 10 years on the Services side as Distinguished Engineer and CTO, covering aspects of automation and methods, before leading technical teams in customer sales. He holds an engineering degree from the \u00c9cole Nationale Sup\u00e9rieure d&#8217;Arts et M\u00e9tiers (Paris, 1986), a Master&#8217;s degree in computer science research from CERICS, specializing in software engineering and AI (Sophia Antipolis, 1987), and a certificate from the Stanford University Graduate School of Business (2000).<\/p>\n<\/div><\/div>\n\n\n\n<h2 class=\"wp-block-heading\" id=\"representants-du-milieu-de-la-recherche\">Research Representatives<\/h2>\n\n\n\n<div style=\"height:15px\" aria-hidden=\"true\" class=\"wp-block-spacer\"><\/div>\n\n\n\n<div class=\"wp-block-media-text alignwide is-stacked-on-mobile\" style=\"grid-template-columns:28% auto\"><figure class=\"wp-block-media-text__media\"><img loading=\"lazy\" decoding=\"async\" width=\"400\" height=\"400\" src=\"https:\/\/latece.uqam.ca\/wp-content\/uploads\/2025\/01\/photo-zandra.jpeg\" alt=\"\" class=\"wp-image-8643 size-full\" srcset=\"https:\/\/latece.uqam.ca\/wp-content\/uploads\/2025\/01\/photo-zandra.jpeg 400w, https:\/\/latece.uqam.ca\/wp-content\/uploads\/2025\/01\/photo-zandra-300x300.jpeg 300w, https:\/\/latece.uqam.ca\/wp-content\/uploads\/2025\/01\/photo-zandra-150x150.jpeg 150w\" sizes=\"auto, (max-width: 400px) 100vw, 400px\" \/><\/figure><div class=\"wp-block-media-text__content\">\n<p class=\"wp-block-paragraph\"><strong>Zandra Balbinot, Ph.D.<\/strong>, co-director of LATECE, external relations manager, and Professor, Department of Marketing, School of Management Sciences, <strong>Universit\u00e9 du Qu\u00e9bec \u00e0 Montr\u00e9al<\/strong>.<\/p>\n\n\n\n<p class=\"wp-block-paragraph\">Zandra&#8217;s research focuses on international marketing, collaborative innovation and <em>frugal innovation<\/em>. Before joining UQAM (2013), she held various teaching positions at <em>Universidade Federal do Paran\u00e1<\/em> (Brazil, 2008-2013), McGill University (2006-2007), <em>Universidade Positivo<\/em> (Brazil, 2007); and as an international business development consultant for various private and para-public organizations. She holds a B.A. in Business Administration from the <em>Federal University of Rio Grande do Sul<\/em>, and a PhD in International Business from HEC Montr\u00e9al.<\/p>\n\n\n\n<p class=\"wp-block-paragraph\"><\/p>\n<\/div><\/div>\n\n\n\n<div style=\"height:21px\" aria-hidden=\"true\" class=\"wp-block-spacer\"><\/div>\n\n\n\n<div class=\"wp-block-media-text alignwide is-stacked-on-mobile\" style=\"grid-template-columns:28% auto\"><figure class=\"wp-block-media-text__media\"><img loading=\"lazy\" decoding=\"async\" width=\"1024\" height=\"969\" src=\"https:\/\/latece.uqam.ca\/wp-content\/uploads\/2025\/01\/photo-ghizlane-elboussaidi-1024x969.png\" alt=\"\" class=\"wp-image-8645 size-full\" srcset=\"https:\/\/latece.uqam.ca\/wp-content\/uploads\/2025\/01\/photo-ghizlane-elboussaidi-1024x969.png 1024w, https:\/\/latece.uqam.ca\/wp-content\/uploads\/2025\/01\/photo-ghizlane-elboussaidi-300x284.png 300w, https:\/\/latece.uqam.ca\/wp-content\/uploads\/2025\/01\/photo-ghizlane-elboussaidi-768x727.png 768w, https:\/\/latece.uqam.ca\/wp-content\/uploads\/2025\/01\/photo-ghizlane-elboussaidi.png 1155w\" sizes=\"auto, (max-width: 1024px) 100vw, 1024px\" \/><\/figure><div class=\"wp-block-media-text__content\">\n<p class=\"wp-block-paragraph\"><strong>Ghizlaine El Boussaidi, Ph.D.<\/strong>, Full Professor, Department of Software and IT Engineering, <strong>\u00c9cole de Technologie Sup\u00e9rieure<\/strong>.<\/p>\n\n\n\n<p class=\"wp-block-paragraph\">A professor at ETS since 2010, Ghizlaine&#8217;s research focuses on various issues in software architecture and design, and model-driven engineering. She has more than a hundred publications to her credit, including several in leading software engineering journals and conferences, and several best paper awards. She also has several industrial collaborations around the development of mission-critical and certifiable software. She holds an engineering degree in embedded systems (Morocco), a Master&#8217;s degree in computer science (2004, UQAM) and a PhD in computer science (2009, Universit\u00e9 de Montr\u00e9al).<\/p>\n<\/div><\/div>\n\n\n\n<div style=\"height:20px\" aria-hidden=\"true\" class=\"wp-block-spacer\"><\/div>\n\n\n\n<div class=\"wp-block-media-text alignwide is-stacked-on-mobile\" style=\"grid-template-columns:28% auto\"><figure class=\"wp-block-media-text__media\"><img loading=\"lazy\" decoding=\"async\" width=\"482\" height=\"447\" src=\"https:\/\/latece.uqam.ca\/wp-content\/uploads\/2025\/01\/photo-yann-gael.png\" alt=\"\" class=\"wp-image-8659 size-full\" srcset=\"https:\/\/latece.uqam.ca\/wp-content\/uploads\/2025\/01\/photo-yann-gael.png 482w, https:\/\/latece.uqam.ca\/wp-content\/uploads\/2025\/01\/photo-yann-gael-300x278.png 300w\" sizes=\"auto, (max-width: 482px) 100vw, 482px\" \/><\/figure><div class=\"wp-block-media-text__content\">\n<p class=\"wp-block-paragraph\"><strong>Yann-Ga\u00ebl Gu\u00e9h\u00e9neuc, Ph.D.<\/strong>, Full Professor, Computer Science, and Canada Research Chair in Empirical Software Engineering for the Internet of Things, Concordia University.<\/p>\n\n\n\n<p class=\"wp-block-paragraph\">Yann-Ga\u00ebl conducts most of his research on empirical software engineering applied to various problems related to the development of context-aware software (IoT), and the reengineering of legacy object-oriented software, and has to his credit several hundred publications, including several awards. Before joining Concordia (2017), he was Professor of Computer Engineering at \u00c9cole Polytechnique (2008-2017), and of Computer Science at the Universit\u00e9 de Montr\u00e9al (2003-2008), after a brief foray into industry (Object Technology International (IBM),1998-2000). He holds an engineering degree (1998), and a PhD (2003) from \u00c9cole des Mines de Nantes.<\/p>\n<\/div><\/div>\n\n\n\n<div style=\"height:20px\" aria-hidden=\"true\" class=\"wp-block-spacer\"><\/div>\n\n\n\n<div class=\"wp-block-media-text alignwide is-stacked-on-mobile\" style=\"grid-template-columns:28% auto\"><figure class=\"wp-block-media-text__media\"><img loading=\"lazy\" decoding=\"async\" width=\"210\" height=\"266\" src=\"https:\/\/latece.uqam.ca\/wp-content\/uploads\/2025\/01\/hamidmcheick-1.jpg\" alt=\"\" class=\"wp-image-8686 size-full\"\/><\/figure><div class=\"wp-block-media-text__content\">\n<p class=\"wp-block-paragraph\"><strong>Hamid Mcheick, Ph.D.<\/strong>, Professor, Computer Science Department, <strong>Universit\u00e9 du Qu\u00e9bec \u00e0 Chicoutimi<\/strong>.<\/p>\n\n\n\n<p class=\"wp-block-paragraph\">Full Professor, Computer Science Department, Universit\u00e9 du Qu\u00e9bec \u00e0 Chicoutimi, Canada. His research focuses on the design and architecture of context-sensitive, connected and intelligent applications, and he has given numerous speeches and tutorials in this field. He has more than 25 years&#8217; experience in academia and industry. He has supervised numerous post-doctoral, doctoral, master&#8217;s and bachelor&#8217;s students. He has over 150 publications in leading conferences and journals. He holds a Master&#8217;s degree in Computer Science (1997, UQAM) and a PhD in Computer Science from the Universit\u00e9 de Montr\u00e9al (2006).<\/p>\n<\/div><\/div>\n\n\n\n<h2 class=\"wp-block-heading\" id=\"representants-du-milieu-de-la-recherche\">Research Funding Representatives<\/h2>\n\n\n\n<div class=\"wp-block-media-text alignwide is-stacked-on-mobile\" style=\"grid-template-columns:28% auto\"><figure class=\"wp-block-media-text__media\"><img decoding=\"async\" src=\"https:\/\/latece.uqam.ca\/wp-content\/uploads\/2025\/06\/Rakotonimaro_Koly.jpg\" alt=\"\" class=\"wp-image-9106 size-full\"\/><\/figure><div class=\"wp-block-media-text__content\">\n<p class=\"wp-block-paragraph\"><strong>Koly Rakotonimaro, Ph.D.<\/strong>, Senior Advisor, Business Development, <strong>Mitacs<\/strong>.<\/p>\n\n\n\n<p class=\"wp-block-paragraph\">Koly Rakotonimaro has been a Senior Business Development Advisor, Mitacs since 2021. Ms. Rakotonimaro holds a professional Master&#8217;s degree in Law, Economics and Management, majoring in Business Economics and Management, from the University of Nancy 2 (France).<br>She also completed a research master&#8217;s degree in Geosciences at the Institut National Polytechnique de Lorraine (France), as well as a doctorate in Environmental Sciences at the Universit\u00e9 du Qu\u00e9bec en Abitibi Temiscamingue (UQAT), specializing in the treatment of contaminated mining water.<\/p>\n<\/div><\/div>\n\n\n\n<p class=\"wp-block-paragraph\"><\/p>\n","protected":false},"excerpt":{"rendered":"<p>LATECE is advised by its strategic council composed of a team of representatives involved in its work and invested in LATECE\u2019s mission. The council advises the lab\u2019s strategic and scientific leadership in terms of research themes, external partnerships, and funding strategy. Council members also promote the lab within their networks and the forums and communities [&hellip;]<\/p>\n","protected":false},"author":13,"featured_media":0,"parent":0,"menu_order":0,"comment_status":"closed","ping_status":"closed","template":"","meta":{"_acf_changed":false,"_crdt_document":"","_monsterinsights_skip_tracking":false,"_monsterinsights_sitenote_active":false,"_monsterinsights_sitenote_note":"","_monsterinsights_sitenote_category":0,"footnotes":""},"class_list":["post-5248","page","type-page","status-publish","hentry"],"acf":[],"yoast_head":"<!-- This site is optimized with the Yoast SEO plugin v27.5 - https:\/\/yoast.com\/product\/yoast-seo-wordpress\/ -->\n<title>Strategic Council - Transdisciplinary Research Lab on IT Ecosystems - UQAM<\/title>\n<meta name=\"robots\" content=\"index, follow, max-snippet:-1, max-image-preview:large, max-video-preview:-1\" \/>\n<link rel=\"canonical\" href=\"https:\/\/latece.uqam.ca\/en\/strategic-council\/\" \/>\n<meta property=\"og:locale\" content=\"en_US\" \/>\n<meta property=\"og:type\" content=\"article\" \/>\n<meta property=\"og:title\" content=\"Strategic Council - Transdisciplinary Research Lab on IT Ecosystems - UQAM\" \/>\n<meta property=\"og:description\" content=\"LATECE is advised by its strategic council composed of a team of representatives involved in its work and invested in LATECE\u2019s mission. The council advises the lab\u2019s strategic and scientific leadership in terms of research themes, external partnerships, and funding strategy. Council members also promote the lab within their networks and the forums and communities [&hellip;]\" \/>\n<meta property=\"og:url\" content=\"https:\/\/latece.uqam.ca\/en\/strategic-council\/\" \/>\n<meta property=\"og:site_name\" content=\"Transdisciplinary Research Lab on IT Ecosystems\" \/>\n<meta property=\"article:modified_time\" content=\"2025-06-06T12:45:32+00:00\" \/>\n<meta property=\"og:image\" content=\"https:\/\/latece.uqam.ca\/wp-content\/uploads\/2025\/01\/photo-gabriel-goyette.jpeg\" \/>\n\t<meta property=\"og:image:width\" content=\"719\" \/>\n\t<meta property=\"og:image:height\" content=\"719\" \/>\n\t<meta property=\"og:image:type\" content=\"image\/jpeg\" \/>\n<meta name=\"twitter:card\" content=\"summary_large_image\" \/>\n<meta name=\"twitter:label1\" content=\"Est. reading time\" \/>\n\t<meta name=\"twitter:data1\" content=\"7 minutes\" \/>\n<script type=\"application\/ld+json\" class=\"yoast-schema-graph\">{\"@context\":\"https:\\\/\\\/schema.org\",\"@graph\":[{\"@type\":\"WebPage\",\"@id\":\"https:\\\/\\\/latece.uqam.ca\\\/en\\\/strategic-council\\\/\",\"url\":\"https:\\\/\\\/latece.uqam.ca\\\/en\\\/strategic-council\\\/\",\"name\":\"Strategic Council - Transdisciplinary Research Lab on IT Ecosystems - UQAM\",\"isPartOf\":{\"@id\":\"https:\\\/\\\/latece.uqam.ca\\\/#website\"},\"primaryImageOfPage\":{\"@id\":\"https:\\\/\\\/latece.uqam.ca\\\/en\\\/strategic-council\\\/#primaryimage\"},\"image\":{\"@id\":\"https:\\\/\\\/latece.uqam.ca\\\/en\\\/strategic-council\\\/#primaryimage\"},\"thumbnailUrl\":\"https:\\\/\\\/latece.uqam.ca\\\/wp-content\\\/uploads\\\/2025\\\/01\\\/photo-gabriel-goyette.jpeg\",\"datePublished\":\"2025-03-04T17:55:07+00:00\",\"dateModified\":\"2025-06-06T12:45:32+00:00\",\"breadcrumb\":{\"@id\":\"https:\\\/\\\/latece.uqam.ca\\\/en\\\/strategic-council\\\/#breadcrumb\"},\"inLanguage\":\"en-CA\",\"potentialAction\":[{\"@type\":\"ReadAction\",\"target\":[\"https:\\\/\\\/latece.uqam.ca\\\/en\\\/strategic-council\\\/\"]}]},{\"@type\":\"ImageObject\",\"inLanguage\":\"en-CA\",\"@id\":\"https:\\\/\\\/latece.uqam.ca\\\/en\\\/strategic-council\\\/#primaryimage\",\"url\":\"https:\\\/\\\/latece.uqam.ca\\\/wp-content\\\/uploads\\\/2025\\\/01\\\/photo-gabriel-goyette.jpeg\",\"contentUrl\":\"https:\\\/\\\/latece.uqam.ca\\\/wp-content\\\/uploads\\\/2025\\\/01\\\/photo-gabriel-goyette.jpeg\"},{\"@type\":\"BreadcrumbList\",\"@id\":\"https:\\\/\\\/latece.uqam.ca\\\/en\\\/strategic-council\\\/#breadcrumb\",\"itemListElement\":[{\"@type\":\"ListItem\",\"position\":1,\"name\":\"UQAM\",\"item\":\"https:\\\/\\\/uqam.ca\"},{\"@type\":\"ListItem\",\"position\":2,\"name\":\"LATECE\",\"item\":\"https:\\\/\\\/latece.uqam.ca\\\/en\\\/\"},{\"@type\":\"ListItem\",\"position\":3,\"name\":\"Strategic Council\"}]},{\"@type\":\"WebSite\",\"@id\":\"https:\\\/\\\/latece.uqam.ca\\\/#website\",\"url\":\"https:\\\/\\\/latece.uqam.ca\\\/\",\"name\":\"Transdisciplinary Research Lab on IT Ecosystems\",\"description\":\"LATECE\",\"publisher\":{\"@id\":\"https:\\\/\\\/latece.uqam.ca\\\/#organization\"},\"potentialAction\":[{\"@type\":\"SearchAction\",\"target\":{\"@type\":\"EntryPoint\",\"urlTemplate\":\"https:\\\/\\\/latece.uqam.ca\\\/?s={search_term_string}\"},\"query-input\":{\"@type\":\"PropertyValueSpecification\",\"valueRequired\":true,\"valueName\":\"search_term_string\"}}],\"inLanguage\":\"en-CA\"},{\"@type\":\"Organization\",\"@id\":\"https:\\\/\\\/latece.uqam.ca\\\/#organization\",\"name\":\"Laboratoire de recherche sur les technologies du commerce \u00e9lectronique (LATECE)\",\"url\":\"https:\\\/\\\/latece.uqam.ca\\\/\",\"logo\":{\"@type\":\"ImageObject\",\"inLanguage\":\"en-CA\",\"@id\":\"https:\\\/\\\/latece.uqam.ca\\\/#\\\/schema\\\/logo\\\/image\\\/\",\"url\":\"https:\\\/\\\/latece.uqam.ca\\\/wp-content\\\/uploads\\\/2018\\\/11\\\/logo_latece.jpg\",\"contentUrl\":\"https:\\\/\\\/latece.uqam.ca\\\/wp-content\\\/uploads\\\/2018\\\/11\\\/logo_latece.jpg\",\"width\":212,\"height\":40,\"caption\":\"Laboratoire de recherche sur les technologies du commerce \u00e9lectronique (LATECE)\"},\"image\":{\"@id\":\"https:\\\/\\\/latece.uqam.ca\\\/#\\\/schema\\\/logo\\\/image\\\/\"}}]}<\/script>\n<!-- \/ Yoast SEO plugin. -->","yoast_head_json":{"title":"Strategic Council - Transdisciplinary Research Lab on IT Ecosystems - UQAM","robots":{"index":"index","follow":"follow","max-snippet":"max-snippet:-1","max-image-preview":"max-image-preview:large","max-video-preview":"max-video-preview:-1"},"canonical":"https:\/\/latece.uqam.ca\/en\/strategic-council\/","og_locale":"en_US","og_type":"article","og_title":"Strategic Council - Transdisciplinary Research Lab on IT Ecosystems - UQAM","og_description":"LATECE is advised by its strategic council composed of a team of representatives involved in its work and invested in LATECE\u2019s mission. The council advises the lab\u2019s strategic and scientific leadership in terms of research themes, external partnerships, and funding strategy. Council members also promote the lab within their networks and the forums and communities [&hellip;]","og_url":"https:\/\/latece.uqam.ca\/en\/strategic-council\/","og_site_name":"Transdisciplinary Research Lab on IT Ecosystems","article_modified_time":"2025-06-06T12:45:32+00:00","og_image":[{"width":719,"height":719,"url":"https:\/\/latece.uqam.ca\/wp-content\/uploads\/2025\/01\/photo-gabriel-goyette.jpeg","type":"image\/jpeg"}],"twitter_card":"summary_large_image","twitter_misc":{"Est. reading time":"7 minutes"},"schema":{"@context":"https:\/\/schema.org","@graph":[{"@type":"WebPage","@id":"https:\/\/latece.uqam.ca\/en\/strategic-council\/","url":"https:\/\/latece.uqam.ca\/en\/strategic-council\/","name":"Strategic Council - Transdisciplinary Research Lab on IT Ecosystems - UQAM","isPartOf":{"@id":"https:\/\/latece.uqam.ca\/#website"},"primaryImageOfPage":{"@id":"https:\/\/latece.uqam.ca\/en\/strategic-council\/#primaryimage"},"image":{"@id":"https:\/\/latece.uqam.ca\/en\/strategic-council\/#primaryimage"},"thumbnailUrl":"https:\/\/latece.uqam.ca\/wp-content\/uploads\/2025\/01\/photo-gabriel-goyette.jpeg","datePublished":"2025-03-04T17:55:07+00:00","dateModified":"2025-06-06T12:45:32+00:00","breadcrumb":{"@id":"https:\/\/latece.uqam.ca\/en\/strategic-council\/#breadcrumb"},"inLanguage":"en-CA","potentialAction":[{"@type":"ReadAction","target":["https:\/\/latece.uqam.ca\/en\/strategic-council\/"]}]},{"@type":"ImageObject","inLanguage":"en-CA","@id":"https:\/\/latece.uqam.ca\/en\/strategic-council\/#primaryimage","url":"https:\/\/latece.uqam.ca\/wp-content\/uploads\/2025\/01\/photo-gabriel-goyette.jpeg","contentUrl":"https:\/\/latece.uqam.ca\/wp-content\/uploads\/2025\/01\/photo-gabriel-goyette.jpeg"},{"@type":"BreadcrumbList","@id":"https:\/\/latece.uqam.ca\/en\/strategic-council\/#breadcrumb","itemListElement":[{"@type":"ListItem","position":1,"name":"UQAM","item":"https:\/\/uqam.ca"},{"@type":"ListItem","position":2,"name":"LATECE","item":"https:\/\/latece.uqam.ca\/en\/"},{"@type":"ListItem","position":3,"name":"Strategic Council"}]},{"@type":"WebSite","@id":"https:\/\/latece.uqam.ca\/#website","url":"https:\/\/latece.uqam.ca\/","name":"Transdisciplinary Research Lab on IT Ecosystems","description":"LATECE","publisher":{"@id":"https:\/\/latece.uqam.ca\/#organization"},"potentialAction":[{"@type":"SearchAction","target":{"@type":"EntryPoint","urlTemplate":"https:\/\/latece.uqam.ca\/?s={search_term_string}"},"query-input":{"@type":"PropertyValueSpecification","valueRequired":true,"valueName":"search_term_string"}}],"inLanguage":"en-CA"},{"@type":"Organization","@id":"https:\/\/latece.uqam.ca\/#organization","name":"Laboratoire de recherche sur les technologies du commerce \u00e9lectronique (LATECE)","url":"https:\/\/latece.uqam.ca\/","logo":{"@type":"ImageObject","inLanguage":"en-CA","@id":"https:\/\/latece.uqam.ca\/#\/schema\/logo\/image\/","url":"https:\/\/latece.uqam.ca\/wp-content\/uploads\/2018\/11\/logo_latece.jpg","contentUrl":"https:\/\/latece.uqam.ca\/wp-content\/uploads\/2018\/11\/logo_latece.jpg","width":212,"height":40,"caption":"Laboratoire de recherche sur les technologies du commerce \u00e9lectronique (LATECE)"},"image":{"@id":"https:\/\/latece.uqam.ca\/#\/schema\/logo\/image\/"}}]}},"_links":{"self":[{"href":"https:\/\/latece.uqam.ca\/en\/wp-json\/wp\/v2\/pages\/5248","targetHints":{"allow":["GET"]}}],"collection":[{"href":"https:\/\/latece.uqam.ca\/en\/wp-json\/wp\/v2\/pages"}],"about":[{"href":"https:\/\/latece.uqam.ca\/en\/wp-json\/wp\/v2\/types\/page"}],"author":[{"embeddable":true,"href":"https:\/\/latece.uqam.ca\/en\/wp-json\/wp\/v2\/users\/13"}],"replies":[{"embeddable":true,"href":"https:\/\/latece.uqam.ca\/en\/wp-json\/wp\/v2\/comments?post=5248"}],"version-history":[{"count":1,"href":"https:\/\/latece.uqam.ca\/en\/wp-json\/wp\/v2\/pages\/5248\/revisions"}],"predecessor-version":[{"id":5249,"href":"https:\/\/latece.uqam.ca\/en\/wp-json\/wp\/v2\/pages\/5248\/revisions\/5249"}],"wp:attachment":[{"href":"https:\/\/latece.uqam.ca\/en\/wp-json\/wp\/v2\/media?parent=5248"}],"curies":[{"name":"wp","href":"https:\/\/api.w.org\/{rel}","templated":true}]}}