{"id":9531,"date":"2026-03-31T15:30:46","date_gmt":"2026-03-31T19:30:46","guid":{"rendered":"https:\/\/latece.uqam.ca\/?page_id=9531"},"modified":"2026-03-31T17:05:40","modified_gmt":"2026-03-31T21:05:40","slug":"mentallys","status":"publish","type":"page","link":"https:\/\/latece.uqam.ca\/en\/projects\/mentallys\/","title":{"rendered":"Mentallys"},"content":{"rendered":"\n<div class=\"wp-block-group is-layout-grid wp-container-core-group-is-layout-549e1f2d wp-block-group-is-layout-grid\">\n<h2 class=\"wp-block-heading\"><strong><strong>Mentallys: A digital tool to enable self-care and access to care<\/strong><\/strong><\/h2>\n\n\n\n<p class=\"wp-block-paragraph\"><\/p>\n\n\n\n<p class=\"has-medium-font-size wp-block-paragraph\">Why do people living with mental health illness receive less care than those living with cancer? Mental health is a fundamental right and implies access to care and support to achieve recovery.<\/p>\n\n\n\n<figure class=\"wp-block-image size-full\"><img loading=\"lazy\" decoding=\"async\" width=\"1080\" height=\"1080\" src=\"https:\/\/latece.uqam.ca\/wp-content\/uploads\/2026\/03\/Tuile_Mentallys2_eng.png\" alt=\"\" class=\"wp-image-9532\" srcset=\"https:\/\/latece.uqam.ca\/wp-content\/uploads\/2026\/03\/Tuile_Mentallys2_eng.png 1080w, https:\/\/latece.uqam.ca\/wp-content\/uploads\/2026\/03\/Tuile_Mentallys2_eng-300x300.png 300w, https:\/\/latece.uqam.ca\/wp-content\/uploads\/2026\/03\/Tuile_Mentallys2_eng-150x150.png 150w, https:\/\/latece.uqam.ca\/wp-content\/uploads\/2026\/03\/Tuile_Mentallys2_eng-768x768.png 768w, https:\/\/latece.uqam.ca\/wp-content\/uploads\/2026\/03\/Tuile_Mentallys2_eng-1024x1024.png 1024w\" sizes=\"auto, (max-width: 1080px) 100vw, 1080px\" \/><\/figure>\n\n\n\n<h3 class=\"wp-block-heading wp-container-content-5e2576f9\">LATECE Domains<\/h3>\n\n\n\n<p class=\"wp-block-paragraph\">Connected Health<\/p>\n\n\n\n<h3 class=\"wp-block-heading\">LATECE Values<\/h3>\n\n\n\n<ul class=\"wp-block-list wp-container-content-5e2576f9\">\n<li>Transdisciplinarity<\/li>\n\n\n\n<li>Accessibility<\/li>\n\n\n\n<li>Social engagement<\/li>\n\n\n\n<li>Services for citizens<\/li>\n<\/ul>\n\n\n\n<h3 class=\"wp-block-heading\">Nature of the project<\/h3>\n\n\n\n<p class=\"wp-block-paragraph\">Software development<\/p>\n\n\n\n<h2 class=\"wp-block-heading has-black-color has-text-color has-link-color wp-elements-bf9d64eea977bcabdedb6bf7578c3133\">The challenge<\/h2>\n\n\n\n<p class=\"wp-container-content-5e2576f9 wp-block-paragraph\">Mental healthcare needs are universal, for ourselves and our loved ones. Yet, <strong>access to recovery care remains complicated.<\/strong><\/p>\n\n\n\n<h2 class=\"wp-block-heading has-black-color has-text-color has-link-color wp-elements-b47ac111f8b5f698294a3adc80cb2efc\">The<strong> solution<\/strong><\/h2>\n\n\n\n<p class=\"wp-container-content-5e2576f9 wp-block-paragraph\">Digital app focused on self-care and access to care; facilitates <strong>telemonitoring and user-to-user, peer-to-user, and healthcare professional-to-user communication<\/strong><\/p>\n\n\n\n<p class=\"wp-block-paragraph\"><\/p>\n\n\n\n<p class=\"wp-container-content-5e2576f9 wp-block-paragraph\">Includes a feature where users can generate their own <strong>health history <\/strong>to prepare for a visit with a healthcare professional<\/p>\n\n\n\n<h4 class=\"wp-block-heading\">Target audiences<\/h4>\n\n\n\n<ul class=\"wp-block-list\">\n<li>General public<\/li>\n\n\n\n<li>Healthcare system<\/li>\n\n\n\n<li>Individuals seeking follow-up care and support<\/li>\n<\/ul>\n\n\n\n<h4 class=\"wp-block-heading\">Video <\/h4>\n\n\n\n<figure class=\"wp-block-embed is-type-video is-provider-youtube wp-block-embed-youtube wp-embed-aspect-16-9 wp-has-aspect-ratio\"><div class=\"wp-block-embed__wrapper\">\n<iframe loading=\"lazy\" title=\"Mentallys Mobile\" width=\"500\" height=\"281\" src=\"https:\/\/www.youtube.com\/embed\/VYxbk1Ez2cU?feature=oembed\" frameborder=\"0\" allow=\"accelerometer; autoplay; clipboard-write; encrypted-media; gyroscope; picture-in-picture; web-share\" referrerpolicy=\"strict-origin-when-cross-origin\" allowfullscreen><\/iframe>\n<\/div><\/figure>\n\n\n\n<h4 class=\"wp-block-heading\">Start up<\/h4>\n\n\n\n<p class=\"wp-block-paragraph\">2021-2022<\/p>\n\n\n\n<h4 class=\"wp-block-heading\">End date<\/h4>\n\n\n\n<p class=\"wp-block-paragraph\">2025<\/p>\n\n\n\n<h4 class=\"wp-block-heading\">Status<\/h4>\n\n\n\n<p class=\"wp-block-paragraph\">Validation and implementation stage<\/p>\n\n\n\n<h3 class=\"wp-block-heading has-black-color has-text-color has-link-color wp-elements-7d1e82877a2f3f80800c7bb8db77a07d\"><strong>Leader<\/strong><\/h3>\n\n\n\n<p class=\"wp-container-content-5e2576f9 wp-block-paragraph\"><strong><a href=\"https:\/\/latece.uqam.ca\/membre\/stephane-vial\/\">St\u00e9phane Vial, PhD<\/a><\/strong><\/p>\n\n\n\n<h3 class=\"wp-block-heading\"><strong>Other LATECE<\/strong> members<\/h3>\n\n\n\n<p class=\"wp-container-content-5e2576f9 wp-block-paragraph\"><strong><a href=\"https:\/\/latece.uqam.ca\/membre\/sylvie-trudel-2\/\">Sylvie Trudel, PhD<\/a><\/strong><\/p>\n\n\n\n<h4 class=\"wp-block-heading\">LATECE student collaborators<\/h4>\n\n\n\n<ul class=\"wp-block-list\">\n<li>Abdelkader Ben El Fassi*<\/li>\n\n\n\n<li>Maxime Cavarroc*<\/li>\n\n\n\n<li>Nadine Gokar<\/li>\n\n\n\n<li>Ali Khavari Khorasani*<\/li>\n\n\n\n<li>Andres Piraquive Lopez<\/li>\n\n\n\n<li>Nd\u00e8ye Fatou Seck<\/li>\n\n\n\n<li>Laurent-Ren\u00e9 Tavar\u00e8s* <\/li>\n\n\n\n<li>Th\u00e9o Weimann*<\/li>\n<\/ul>\n\n\n\n<h4 class=\"wp-block-heading\">Collaborators<\/h4>\n\n\n\n<p class=\"wp-block-paragraph\">Peer support workers, patient-partners, healthcare professionals (psychiatrists, psychologists, psychoanalysts), mental healtcare practitioners, codesign facilitators, UI\/UX designers, graphic designers, sound designers, software developers, consultants<\/p>\n\n\n\n<h4 class=\"wp-block-heading\">Keywords<\/h4>\n\n\n\n<p class=\"wp-block-paragraph\">Mental health, connected health<\/p>\n\n\n\n<h4 class=\"wp-block-heading\">Partners and funders<\/h4>\n\n\n\n<ul class=\"wp-block-list\">\n<li>Chaire Diament<\/li>\n\n\n\n<li>Social Science and Humanities Research Council<\/li>\n\n\n\n<li>Fonds de recherche du Qu\u00e9bec<\/li>\n\n\n\n<li>Universit\u00e9 du Qu\u00e9bec \u00e0 Montr\u00e9al<\/li>\n\n\n\n<li>Fondation de l\u2019Institut universitaire en sant\u00e9 mentale de Montr\u00e9al<\/li>\n\n\n\n<li>Fondation Carmand Normand<\/li>\n\n\n\n<li>Fondation de l\u2019UQAM<\/li>\n\n\n\n<li>Sidekick Interactive<\/li>\n\n\n\n<li>CAP Mieux-\u00catre<\/li>\n\n\n\n<li>Axelys<\/li>\n\n\n\n<li>Esplanade Qu\u00e9bec<\/li>\n<\/ul>\n\n\n\n<h4 class=\"wp-block-heading\">Funding<\/h4>\n\n\n\n<p class=\"has-black-color has-text-color has-link-color wp-elements-5c9f3de35c129c9fa20eda4075ea4461 wp-container-content-5e2576f9 wp-block-paragraph\">&gt; $100K <\/p>\n\n\n\n<h4 class=\"wp-block-heading\">Website<\/h4>\n\n\n\n<p class=\"wp-container-content-5e2576f9 wp-block-paragraph\"><a href=\"https:\/\/news.mentallys.com\/\" target=\"_blank\" rel=\"noreferrer noopener\">Visit the site<\/a><\/p>\n\n\n\n<h4 class=\"wp-block-heading\">Media attention<\/h4>\n\n\n\n<figure class=\"wp-block-image size-full\"><a href=\"https:\/\/actualites.uqam.ca\/2023\/mentallys-application-mobile-soins-sante-mentale\/\" target=\"_blank\" rel=\" noreferrer noopener\"><img loading=\"lazy\" decoding=\"async\" width=\"399\" height=\"253\" src=\"https:\/\/latece.uqam.ca\/wp-content\/uploads\/2025\/11\/actualitesUQAM_mentallys.png\" alt=\"\" class=\"wp-image-9203\" srcset=\"https:\/\/latece.uqam.ca\/wp-content\/uploads\/2025\/11\/actualitesUQAM_mentallys.png 399w, https:\/\/latece.uqam.ca\/wp-content\/uploads\/2025\/11\/actualitesUQAM_mentallys-300x190.png 300w\" sizes=\"auto, (max-width: 399px) 100vw, 399px\" \/><\/a><\/figure>\n\n\n\n<p class=\"wp-container-content-5e2576f9 wp-block-paragraph\"><\/p>\n\n\n\n<figure class=\"wp-block-image size-full\"><a href=\"https:\/\/www.lapresse.ca\/societe\/sante\/2023-11-05\/mentallys\/simplifier-l-acces-en-sante-mentale-grace-au-numerique.php\" target=\"_blank\" rel=\" noreferrer noopener\"><img loading=\"lazy\" decoding=\"async\" width=\"403\" height=\"251\" src=\"https:\/\/latece.uqam.ca\/wp-content\/uploads\/2025\/11\/LaPresse_mentallys.png\" alt=\"\" class=\"wp-image-9205\" srcset=\"https:\/\/latece.uqam.ca\/wp-content\/uploads\/2025\/11\/LaPresse_mentallys.png 403w, https:\/\/latece.uqam.ca\/wp-content\/uploads\/2025\/11\/LaPresse_mentallys-300x187.png 300w\" sizes=\"auto, (max-width: 403px) 100vw, 403px\" \/><\/a><\/figure>\n\n\n\n<h4 class=\"wp-block-heading\">Logo<\/h4>\n\n\n\n<figure class=\"wp-block-image size-full\"><img loading=\"lazy\" decoding=\"async\" width=\"418\" height=\"95\" src=\"https:\/\/latece.uqam.ca\/wp-content\/uploads\/2025\/11\/logo_mentally.png\" alt=\"\" class=\"wp-image-9207\" srcset=\"https:\/\/latece.uqam.ca\/wp-content\/uploads\/2025\/11\/logo_mentally.png 418w, https:\/\/latece.uqam.ca\/wp-content\/uploads\/2025\/11\/logo_mentally-300x68.png 300w\" sizes=\"auto, (max-width: 418px) 100vw, 418px\" \/><\/figure>\n\n\n\n<h4 class=\"wp-block-heading\">Images<\/h4>\n\n\n\n<figure class=\"wp-block-image size-full\"><img loading=\"lazy\" decoding=\"async\" width=\"275\" height=\"218\" src=\"https:\/\/latece.uqam.ca\/wp-content\/uploads\/2025\/11\/Mentallys_appli-mobile.png\" alt=\"\" class=\"wp-image-9209\"\/><\/figure>\n\n\n\n<p class=\"wp-container-content-5e2576f9 wp-block-paragraph\"><\/p>\n\n\n\n<figure class=\"wp-block-image size-full\"><img loading=\"lazy\" decoding=\"async\" width=\"410\" height=\"276\" src=\"https:\/\/latece.uqam.ca\/wp-content\/uploads\/2025\/11\/Mentallys_appli-mobile_screenshots.png\" alt=\"\" class=\"wp-image-9211\" srcset=\"https:\/\/latece.uqam.ca\/wp-content\/uploads\/2025\/11\/Mentallys_appli-mobile_screenshots.png 410w, https:\/\/latece.uqam.ca\/wp-content\/uploads\/2025\/11\/Mentallys_appli-mobile_screenshots-300x202.png 300w\" sizes=\"auto, (max-width: 410px) 100vw, 410px\" \/><\/figure>\n<\/div>\n","protected":false},"excerpt":{"rendered":"<p>Mentallys: A digital tool to enable self-care and access to care Why do people living with mental health illness receive less care than those living with cancer? Mental health is a fundamental right and implies access to care and support to achieve recovery. LATECE Domains Connected Health LATECE Values Nature of the project Software development [&hellip;]<\/p>\n","protected":false},"author":26,"featured_media":0,"parent":2516,"menu_order":0,"comment_status":"closed","ping_status":"closed","template":"","meta":{"_acf_changed":false,"_crdt_document":"","_monsterinsights_skip_tracking":false,"_monsterinsights_sitenote_active":false,"_monsterinsights_sitenote_note":"","_monsterinsights_sitenote_category":0,"footnotes":""},"class_list":["post-9531","page","type-page","status-publish","hentry"],"acf":[],"yoast_head":"<!-- This site is optimized with the Yoast SEO plugin v27.5 - https:\/\/yoast.com\/product\/yoast-seo-wordpress\/ -->\n<title>Mentallys - Transdisciplinary Research Lab on IT Ecosystems - UQAM<\/title>\n<meta name=\"robots\" content=\"index, follow, max-snippet:-1, max-image-preview:large, max-video-preview:-1\" \/>\n<link rel=\"canonical\" href=\"https:\/\/latece.uqam.ca\/en\/projects\/mentallys\/\" \/>\n<meta property=\"og:locale\" content=\"en_US\" \/>\n<meta property=\"og:type\" content=\"article\" \/>\n<meta property=\"og:title\" content=\"Mentallys - Transdisciplinary Research Lab on IT Ecosystems - UQAM\" \/>\n<meta property=\"og:description\" content=\"Mentallys: A digital tool to enable self-care and access to care Why do people living with mental health illness receive less care than those living with cancer? Mental health is a fundamental right and implies access to care and support to achieve recovery. LATECE Domains Connected Health LATECE Values Nature of the project Software development [&hellip;]\" \/>\n<meta property=\"og:url\" content=\"https:\/\/latece.uqam.ca\/en\/projects\/mentallys\/\" \/>\n<meta property=\"og:site_name\" content=\"Transdisciplinary Research Lab on IT Ecosystems\" \/>\n<meta property=\"article:modified_time\" content=\"2026-03-31T21:05:40+00:00\" \/>\n<meta property=\"og:image\" content=\"https:\/\/latece.uqam.ca\/wp-content\/uploads\/2026\/03\/Tuile_Mentallys2_eng.png\" \/>\n\t<meta property=\"og:image:width\" content=\"1080\" \/>\n\t<meta property=\"og:image:height\" content=\"1080\" \/>\n\t<meta property=\"og:image:type\" content=\"image\/png\" \/>\n<meta name=\"twitter:card\" content=\"summary_large_image\" \/>\n<meta name=\"twitter:label1\" content=\"Est. reading time\" \/>\n\t<meta name=\"twitter:data1\" content=\"3 minutes\" \/>\n<script type=\"application\/ld+json\" class=\"yoast-schema-graph\">{\"@context\":\"https:\\\/\\\/schema.org\",\"@graph\":[{\"@type\":\"WebPage\",\"@id\":\"https:\\\/\\\/latece.uqam.ca\\\/en\\\/projects\\\/mentallys\\\/\",\"url\":\"https:\\\/\\\/latece.uqam.ca\\\/en\\\/projects\\\/mentallys\\\/\",\"name\":\"Mentallys - Transdisciplinary Research Lab on IT Ecosystems - UQAM\",\"isPartOf\":{\"@id\":\"https:\\\/\\\/latece.uqam.ca\\\/#website\"},\"primaryImageOfPage\":{\"@id\":\"https:\\\/\\\/latece.uqam.ca\\\/en\\\/projects\\\/mentallys\\\/#primaryimage\"},\"image\":{\"@id\":\"https:\\\/\\\/latece.uqam.ca\\\/en\\\/projects\\\/mentallys\\\/#primaryimage\"},\"thumbnailUrl\":\"https:\\\/\\\/latece.uqam.ca\\\/wp-content\\\/uploads\\\/2026\\\/03\\\/Tuile_Mentallys2_eng.png\",\"datePublished\":\"2026-03-31T19:30:46+00:00\",\"dateModified\":\"2026-03-31T21:05:40+00:00\",\"breadcrumb\":{\"@id\":\"https:\\\/\\\/latece.uqam.ca\\\/en\\\/projects\\\/mentallys\\\/#breadcrumb\"},\"inLanguage\":\"en-CA\",\"potentialAction\":[{\"@type\":\"ReadAction\",\"target\":[\"https:\\\/\\\/latece.uqam.ca\\\/en\\\/projects\\\/mentallys\\\/\"]}]},{\"@type\":\"ImageObject\",\"inLanguage\":\"en-CA\",\"@id\":\"https:\\\/\\\/latece.uqam.ca\\\/en\\\/projects\\\/mentallys\\\/#primaryimage\",\"url\":\"https:\\\/\\\/latece.uqam.ca\\\/wp-content\\\/uploads\\\/2026\\\/03\\\/Tuile_Mentallys2_eng.png\",\"contentUrl\":\"https:\\\/\\\/latece.uqam.ca\\\/wp-content\\\/uploads\\\/2026\\\/03\\\/Tuile_Mentallys2_eng.png\"},{\"@type\":\"BreadcrumbList\",\"@id\":\"https:\\\/\\\/latece.uqam.ca\\\/en\\\/projects\\\/mentallys\\\/#breadcrumb\",\"itemListElement\":[{\"@type\":\"ListItem\",\"position\":1,\"name\":\"UQAM\",\"item\":\"https:\\\/\\\/uqam.ca\"},{\"@type\":\"ListItem\",\"position\":2,\"name\":\"LATECE\",\"item\":\"https:\\\/\\\/latece.uqam.ca\\\/en\\\/\"},{\"@type\":\"ListItem\",\"position\":3,\"name\":\"Projects\",\"item\":\"https:\\\/\\\/latece.uqam.ca\\\/en\\\/projects\\\/\"},{\"@type\":\"ListItem\",\"position\":4,\"name\":\"Mentallys\"}]},{\"@type\":\"WebSite\",\"@id\":\"https:\\\/\\\/latece.uqam.ca\\\/#website\",\"url\":\"https:\\\/\\\/latece.uqam.ca\\\/\",\"name\":\"Transdisciplinary Research Lab on IT Ecosystems\",\"description\":\"LATECE\",\"publisher\":{\"@id\":\"https:\\\/\\\/latece.uqam.ca\\\/#organization\"},\"potentialAction\":[{\"@type\":\"SearchAction\",\"target\":{\"@type\":\"EntryPoint\",\"urlTemplate\":\"https:\\\/\\\/latece.uqam.ca\\\/?s={search_term_string}\"},\"query-input\":{\"@type\":\"PropertyValueSpecification\",\"valueRequired\":true,\"valueName\":\"search_term_string\"}}],\"inLanguage\":\"en-CA\"},{\"@type\":\"Organization\",\"@id\":\"https:\\\/\\\/latece.uqam.ca\\\/#organization\",\"name\":\"Laboratoire de recherche sur les technologies du commerce \u00e9lectronique (LATECE)\",\"url\":\"https:\\\/\\\/latece.uqam.ca\\\/\",\"logo\":{\"@type\":\"ImageObject\",\"inLanguage\":\"en-CA\",\"@id\":\"https:\\\/\\\/latece.uqam.ca\\\/#\\\/schema\\\/logo\\\/image\\\/\",\"url\":\"https:\\\/\\\/latece.uqam.ca\\\/wp-content\\\/uploads\\\/2018\\\/11\\\/logo_latece.jpg\",\"contentUrl\":\"https:\\\/\\\/latece.uqam.ca\\\/wp-content\\\/uploads\\\/2018\\\/11\\\/logo_latece.jpg\",\"width\":212,\"height\":40,\"caption\":\"Laboratoire de recherche sur les technologies du commerce \u00e9lectronique (LATECE)\"},\"image\":{\"@id\":\"https:\\\/\\\/latece.uqam.ca\\\/#\\\/schema\\\/logo\\\/image\\\/\"}}]}<\/script>\n<!-- \/ Yoast SEO plugin. -->","yoast_head_json":{"title":"Mentallys - Transdisciplinary Research Lab on IT Ecosystems - UQAM","robots":{"index":"index","follow":"follow","max-snippet":"max-snippet:-1","max-image-preview":"max-image-preview:large","max-video-preview":"max-video-preview:-1"},"canonical":"https:\/\/latece.uqam.ca\/en\/projects\/mentallys\/","og_locale":"en_US","og_type":"article","og_title":"Mentallys - Transdisciplinary Research Lab on IT Ecosystems - UQAM","og_description":"Mentallys: A digital tool to enable self-care and access to care Why do people living with mental health illness receive less care than those living with cancer? Mental health is a fundamental right and implies access to care and support to achieve recovery. LATECE Domains Connected Health LATECE Values Nature of the project Software development [&hellip;]","og_url":"https:\/\/latece.uqam.ca\/en\/projects\/mentallys\/","og_site_name":"Transdisciplinary Research Lab on IT Ecosystems","article_modified_time":"2026-03-31T21:05:40+00:00","og_image":[{"width":1080,"height":1080,"url":"https:\/\/latece.uqam.ca\/wp-content\/uploads\/2026\/03\/Tuile_Mentallys2_eng.png","type":"image\/png"}],"twitter_card":"summary_large_image","twitter_misc":{"Est. reading time":"3 minutes"},"schema":{"@context":"https:\/\/schema.org","@graph":[{"@type":"WebPage","@id":"https:\/\/latece.uqam.ca\/en\/projects\/mentallys\/","url":"https:\/\/latece.uqam.ca\/en\/projects\/mentallys\/","name":"Mentallys - Transdisciplinary Research Lab on IT Ecosystems - UQAM","isPartOf":{"@id":"https:\/\/latece.uqam.ca\/#website"},"primaryImageOfPage":{"@id":"https:\/\/latece.uqam.ca\/en\/projects\/mentallys\/#primaryimage"},"image":{"@id":"https:\/\/latece.uqam.ca\/en\/projects\/mentallys\/#primaryimage"},"thumbnailUrl":"https:\/\/latece.uqam.ca\/wp-content\/uploads\/2026\/03\/Tuile_Mentallys2_eng.png","datePublished":"2026-03-31T19:30:46+00:00","dateModified":"2026-03-31T21:05:40+00:00","breadcrumb":{"@id":"https:\/\/latece.uqam.ca\/en\/projects\/mentallys\/#breadcrumb"},"inLanguage":"en-CA","potentialAction":[{"@type":"ReadAction","target":["https:\/\/latece.uqam.ca\/en\/projects\/mentallys\/"]}]},{"@type":"ImageObject","inLanguage":"en-CA","@id":"https:\/\/latece.uqam.ca\/en\/projects\/mentallys\/#primaryimage","url":"https:\/\/latece.uqam.ca\/wp-content\/uploads\/2026\/03\/Tuile_Mentallys2_eng.png","contentUrl":"https:\/\/latece.uqam.ca\/wp-content\/uploads\/2026\/03\/Tuile_Mentallys2_eng.png"},{"@type":"BreadcrumbList","@id":"https:\/\/latece.uqam.ca\/en\/projects\/mentallys\/#breadcrumb","itemListElement":[{"@type":"ListItem","position":1,"name":"UQAM","item":"https:\/\/uqam.ca"},{"@type":"ListItem","position":2,"name":"LATECE","item":"https:\/\/latece.uqam.ca\/en\/"},{"@type":"ListItem","position":3,"name":"Projects","item":"https:\/\/latece.uqam.ca\/en\/projects\/"},{"@type":"ListItem","position":4,"name":"Mentallys"}]},{"@type":"WebSite","@id":"https:\/\/latece.uqam.ca\/#website","url":"https:\/\/latece.uqam.ca\/","name":"Transdisciplinary Research Lab on IT Ecosystems","description":"LATECE","publisher":{"@id":"https:\/\/latece.uqam.ca\/#organization"},"potentialAction":[{"@type":"SearchAction","target":{"@type":"EntryPoint","urlTemplate":"https:\/\/latece.uqam.ca\/?s={search_term_string}"},"query-input":{"@type":"PropertyValueSpecification","valueRequired":true,"valueName":"search_term_string"}}],"inLanguage":"en-CA"},{"@type":"Organization","@id":"https:\/\/latece.uqam.ca\/#organization","name":"Laboratoire de recherche sur les technologies du commerce \u00e9lectronique (LATECE)","url":"https:\/\/latece.uqam.ca\/","logo":{"@type":"ImageObject","inLanguage":"en-CA","@id":"https:\/\/latece.uqam.ca\/#\/schema\/logo\/image\/","url":"https:\/\/latece.uqam.ca\/wp-content\/uploads\/2018\/11\/logo_latece.jpg","contentUrl":"https:\/\/latece.uqam.ca\/wp-content\/uploads\/2018\/11\/logo_latece.jpg","width":212,"height":40,"caption":"Laboratoire de recherche sur les technologies du commerce \u00e9lectronique (LATECE)"},"image":{"@id":"https:\/\/latece.uqam.ca\/#\/schema\/logo\/image\/"}}]}},"_links":{"self":[{"href":"https:\/\/latece.uqam.ca\/en\/wp-json\/wp\/v2\/pages\/9531","targetHints":{"allow":["GET"]}}],"collection":[{"href":"https:\/\/latece.uqam.ca\/en\/wp-json\/wp\/v2\/pages"}],"about":[{"href":"https:\/\/latece.uqam.ca\/en\/wp-json\/wp\/v2\/types\/page"}],"author":[{"embeddable":true,"href":"https:\/\/latece.uqam.ca\/en\/wp-json\/wp\/v2\/users\/26"}],"replies":[{"embeddable":true,"href":"https:\/\/latece.uqam.ca\/en\/wp-json\/wp\/v2\/comments?post=9531"}],"version-history":[{"count":3,"href":"https:\/\/latece.uqam.ca\/en\/wp-json\/wp\/v2\/pages\/9531\/revisions"}],"predecessor-version":[{"id":9538,"href":"https:\/\/latece.uqam.ca\/en\/wp-json\/wp\/v2\/pages\/9531\/revisions\/9538"}],"up":[{"embeddable":true,"href":"https:\/\/latece.uqam.ca\/en\/wp-json\/wp\/v2\/pages\/2516"}],"wp:attachment":[{"href":"https:\/\/latece.uqam.ca\/en\/wp-json\/wp\/v2\/media?parent=9531"}],"curies":[{"name":"wp","href":"https:\/\/api.w.org\/{rel}","templated":true}]}}